{"id":39,"date":"2024-11-19T20:49:22","date_gmt":"2024-11-19T19:49:22","guid":{"rendered":"https:\/\/rentacasa.cl\/rentac\/?page_id=39"},"modified":"2025-01-21T20:48:46","modified_gmt":"2025-01-21T19:48:46","slug":"oficinas","status":"publish","type":"page","link":"https:\/\/rentacasa.cl\/rentac\/oficinas\/","title":{"rendered":"Arriendos Oficinas"},"content":{"rendered":"<div class=\"pt-cv-wrapper\"><div class=\"pt-cv-view pt-cv-collapsible\" id=\"pt-cv-view-4475a04v93\"><div data-id=\"pt-cv-page-1\" class=\"pt-cv-page\" data-cvc=\"1\"><div class=\"panel-group\" id=\"e6c58d2n6f\"><div class=\"panel panel-default pt-cv-content-item pt-cv-1-col\" >\r\n<div class=\"panel-heading pt-cv-title\">\r\n    <a class=\"panel-title\" data-toggle=\"cvcollapse\" data-parent=\"#e6c58d2n6f\" data-target=\"#b19aaefsqa\" href='https:\/\/rentacasa.cl\/rentac\/edificio-calle-astorga-rancagua\/' onclick='event.preventDefault()'>\r\n\t\tEdificio calle Astorga Rancagua\t<\/a>\r\n\t<\/div>\r\n<div id=\"b19aaefsqa\" class=\"panel-collapse collapse in\">\r\n\t<div class=\"panel-body\">\r\n\t\t<a href=\"https:\/\/rentacasa.cl\/rentac\/edificio-calle-astorga-rancagua\/\" class=\"_self pt-cv-href-thumbnail pt-cv-thumb-default\" target=\"_self\" ><img loading=\"lazy\" decoding=\"async\" width=\"150\" height=\"150\" src=\"https:\/\/rentacasa.cl\/rentac\/wp-content\/uploads\/2026\/04\/astorga1-150x150.jpg\" class=\"pt-cv-thumbnail\" alt=\"\" \/><\/a>\n<div class=\"pt-cv-taxoterm above_title\"><a href='https:\/\/rentacasa.cl\/rentac\/category\/arriendo-comerciales\/' title='Arriendo Comerciales' class='pt-cv-tax-arriendo-comerciales'>Arriendo Comerciales<\/a><a href='https:\/\/rentacasa.cl\/rentac\/category\/arriendo-locales\/' title='Arriendo Locales' class='pt-cv-tax-arriendo-locales'>Arriendo Locales<\/a><a href='https:\/\/rentacasa.cl\/rentac\/category\/arriendo-oficina\/' title='Arriendo Oficina' class='pt-cv-tax-arriendo-oficina'>Arriendo Oficina<\/a><a href='https:\/\/rentacasa.cl\/rentac\/category\/banner\/' title='Banner' class='pt-cv-tax-banner'>Banner<\/a><a href='https:\/\/rentacasa.cl\/rentac\/category\/destacados\/' title='Destacados' class='pt-cv-tax-destacados'>Destacados<\/a><a href='https:\/\/rentacasa.cl\/rentac\/category\/inicio\/' title='INICIO' class='pt-cv-tax-inicio'>INICIO<\/a><\/div>\n<div class=\"pt-cv-content\">Edificio 2 pisos, Astorga - Rancagua 800 mts2 8 estacionamientos 10 ba\u00f1os Distribuci\u00f3n flexible con plantas libres Oficinas independientes y ...<\/div>\t<\/div>\r\n<\/div><\/div>\n<div class=\"panel panel-default pt-cv-content-item pt-cv-1-col\" >\r\n<div class=\"panel-heading pt-cv-title\">\r\n    <a class=\"panel-title\" data-toggle=\"cvcollapse\" data-parent=\"#e6c58d2n6f\" data-target=\"#9f163b7rw9\" href='https:\/\/rentacasa.cl\/rentac\/casa-empresas-gran-terreno\/' onclick='event.preventDefault()'>\r\n\t\tCasa Empresas Gran Terreno\t<\/a>\r\n\t<\/div>\r\n<div id=\"9f163b7rw9\" class=\"panel-collapse collapse \">\r\n\t<div class=\"panel-body\">\r\n\t\t<a href=\"https:\/\/rentacasa.cl\/rentac\/casa-empresas-gran-terreno\/\" class=\"_self pt-cv-href-thumbnail pt-cv-thumb-default\" target=\"_self\" ><img loading=\"lazy\" decoding=\"async\" width=\"150\" height=\"150\" src=\"https:\/\/rentacasa.cl\/rentac\/wp-content\/uploads\/2025\/08\/comercial1-150x150.jpg\" class=\"pt-cv-thumbnail\" alt=\"\" \/><\/a>\n<div class=\"pt-cv-taxoterm above_title\"><a href='https:\/\/rentacasa.cl\/rentac\/category\/arriendo-comerciales\/' title='Arriendo Comerciales' class='pt-cv-tax-arriendo-comerciales'>Arriendo Comerciales<\/a><a href='https:\/\/rentacasa.cl\/rentac\/category\/arriendo-oficina\/' title='Arriendo Oficina' class='pt-cv-tax-arriendo-oficina'>Arriendo Oficina<\/a><a href='https:\/\/rentacasa.cl\/rentac\/category\/banner\/' title='Banner' class='pt-cv-tax-banner'>Banner<\/a><a href='https:\/\/rentacasa.cl\/rentac\/category\/destacados\/' title='Destacados' class='pt-cv-tax-destacados'>Destacados<\/a><a href='https:\/\/rentacasa.cl\/rentac\/category\/inicio\/' title='INICIO' class='pt-cv-tax-inicio'>INICIO<\/a><\/div>\n<div class=\"pt-cv-content\">Casa para uso empresarial o institucional. Gran Terreno a pasos de la Alameda 1.340 superficie total 10 estacionamientos 14 dependencias ...<\/div>\t<\/div>\r\n<\/div><\/div>\n<div class=\"panel panel-default pt-cv-content-item pt-cv-1-col\" >\r\n<div class=\"panel-heading pt-cv-title\">\r\n    <a class=\"panel-title\" data-toggle=\"cvcollapse\" data-parent=\"#e6c58d2n6f\" data-target=\"#f74028e0cx\" href='https:\/\/rentacasa.cl\/rentac\/torre-doble-excelente-ubicacion-central\/' onclick='event.preventDefault()'>\r\n\t\tTorre Doble excelente ubicaci\u00f3n central\t<\/a>\r\n\t<\/div>\r\n<div id=\"f74028e0cx\" class=\"panel-collapse collapse \">\r\n\t<div class=\"panel-body\">\r\n\t\t<a href=\"https:\/\/rentacasa.cl\/rentac\/torre-doble-excelente-ubicacion-central\/\" class=\"_self pt-cv-href-thumbnail pt-cv-thumb-default\" target=\"_self\" ><img loading=\"lazy\" decoding=\"async\" width=\"150\" height=\"150\" src=\"https:\/\/rentacasa.cl\/rentac\/wp-content\/uploads\/2025\/06\/cuevas1-150x150.jpg\" class=\"pt-cv-thumbnail\" alt=\"\" \/><\/a>\n<div class=\"pt-cv-taxoterm above_title\"><a href='https:\/\/rentacasa.cl\/rentac\/category\/arriendo-comerciales\/' title='Arriendo Comerciales' class='pt-cv-tax-arriendo-comerciales'>Arriendo Comerciales<\/a><a href='https:\/\/rentacasa.cl\/rentac\/category\/arriendo-oficina\/' title='Arriendo Oficina' class='pt-cv-tax-arriendo-oficina'>Arriendo Oficina<\/a><a href='https:\/\/rentacasa.cl\/rentac\/category\/banner\/' title='Banner' class='pt-cv-tax-banner'>Banner<\/a><a href='https:\/\/rentacasa.cl\/rentac\/category\/destacados\/' title='Destacados' class='pt-cv-tax-destacados'>Destacados<\/a><a href='https:\/\/rentacasa.cl\/rentac\/category\/inicio\/' title='INICIO' class='pt-cv-tax-inicio'>INICIO<\/a><a href='https:\/\/rentacasa.cl\/rentac\/category\/venta-comerciales\/' title='Venta Comerciales' class='pt-cv-tax-venta-comerciales'>Venta Comerciales<\/a><\/div>\n<div class=\"pt-cv-content\">Disponible para Venta o Arriendo 2 torres de 6 y 5 pisos respectivamente estructura de hormig\u00f3n armado buenas terminaciones hall ...<\/div>\t<\/div>\r\n<\/div><\/div>\n<div class=\"panel panel-default pt-cv-content-item pt-cv-1-col\" >\r\n<div class=\"panel-heading pt-cv-title\">\r\n    <a class=\"panel-title\" data-toggle=\"cvcollapse\" data-parent=\"#e6c58d2n6f\" data-target=\"#1879c01bil\" href='https:\/\/rentacasa.cl\/rentac\/oficina-central-sexto-piso-450-000\/' onclick='event.preventDefault()'>\r\n\t\tOficina Central Sexto Piso $450.000\t<\/a>\r\n\t<\/div>\r\n<div id=\"1879c01bil\" class=\"panel-collapse collapse \">\r\n\t<div class=\"panel-body\">\r\n\t\t<a href=\"https:\/\/rentacasa.cl\/rentac\/oficina-central-sexto-piso-450-000\/\" class=\"_self pt-cv-href-thumbnail pt-cv-thumb-default\" target=\"_self\" ><img loading=\"lazy\" decoding=\"async\" width=\"150\" height=\"150\" src=\"https:\/\/rentacasa.cl\/rentac\/wp-content\/uploads\/2025\/04\/edif1-150x150.jpg\" class=\"pt-cv-thumbnail\" alt=\"\" \/><\/a>\n<div class=\"pt-cv-taxoterm above_title\"><a href='https:\/\/rentacasa.cl\/rentac\/category\/arriendo-comerciales\/' title='Arriendo Comerciales' class='pt-cv-tax-arriendo-comerciales'>Arriendo Comerciales<\/a><a href='https:\/\/rentacasa.cl\/rentac\/category\/arriendo-oficina\/' title='Arriendo Oficina' class='pt-cv-tax-arriendo-oficina'>Arriendo Oficina<\/a><a href='https:\/\/rentacasa.cl\/rentac\/category\/banner\/' title='Banner' class='pt-cv-tax-banner'>Banner<\/a><a href='https:\/\/rentacasa.cl\/rentac\/category\/destacados\/' title='Destacados' class='pt-cv-tax-destacados'>Destacados<\/a><a href='https:\/\/rentacasa.cl\/rentac\/category\/inicio\/' title='INICIO' class='pt-cv-tax-inicio'>INICIO<\/a><\/div>\n<div class=\"pt-cv-content\">Oficina Central Sexto Piso \u00a1Gran Oportunidad! Excelente Plusval\u00eda 36 m2 Ba\u00f1o privado Hall de entrada Aire acondicionado Excelente conservaci\u00f3n Desocupada ...<\/div>\t<\/div>\r\n<\/div><\/div>\n<div class=\"panel panel-default pt-cv-content-item pt-cv-1-col\" >\r\n<div class=\"panel-heading pt-cv-title\">\r\n    <a class=\"panel-title\" data-toggle=\"cvcollapse\" data-parent=\"#e6c58d2n6f\" data-target=\"#6008afd6w9\" href='https:\/\/rentacasa.cl\/rentac\/oficina-central-con-estacionamiento-uf-17\/' onclick='event.preventDefault()'>\r\n\t\tOficina Central con estacionamiento UF 17\t<\/a>\r\n\t<\/div>\r\n<div id=\"6008afd6w9\" class=\"panel-collapse collapse \">\r\n\t<div class=\"panel-body\">\r\n\t\t<a href=\"https:\/\/rentacasa.cl\/rentac\/oficina-central-con-estacionamiento-uf-17\/\" class=\"_self pt-cv-href-thumbnail pt-cv-thumb-default\" target=\"_self\" ><img loading=\"lazy\" decoding=\"async\" width=\"150\" height=\"150\" src=\"https:\/\/rentacasa.cl\/rentac\/wp-content\/uploads\/2025\/04\/eficio-local-central1-150x150.jpg\" class=\"pt-cv-thumbnail\" alt=\"\" srcset=\"https:\/\/rentacasa.cl\/rentac\/wp-content\/uploads\/2025\/04\/eficio-local-central1-150x150.jpg 150w, https:\/\/rentacasa.cl\/rentac\/wp-content\/uploads\/2025\/04\/eficio-local-central1-300x297.jpg 300w\" sizes=\"auto, (max-width: 150px) 100vw, 150px\" \/><\/a>\n<div class=\"pt-cv-taxoterm above_title\"><a href='https:\/\/rentacasa.cl\/rentac\/category\/arriendo-comerciales\/' title='Arriendo Comerciales' class='pt-cv-tax-arriendo-comerciales'>Arriendo Comerciales<\/a><a href='https:\/\/rentacasa.cl\/rentac\/category\/arriendo-oficina\/' title='Arriendo Oficina' class='pt-cv-tax-arriendo-oficina'>Arriendo Oficina<\/a><a href='https:\/\/rentacasa.cl\/rentac\/category\/banner\/' title='Banner' class='pt-cv-tax-banner'>Banner<\/a><a href='https:\/\/rentacasa.cl\/rentac\/category\/destacados\/' title='Destacados' class='pt-cv-tax-destacados'>Destacados<\/a><a href='https:\/\/rentacasa.cl\/rentac\/category\/inicio\/' title='INICIO' class='pt-cv-tax-inicio'>INICIO<\/a><\/div>\n<div class=\"pt-cv-content\">Arriendo Oficina Central 60m2 \u00fatiles 1 privado 1 ba\u00f1o Ubicado en Tercer Piso Acceso a Internet Excelente conectividad Seguridad 24\/7 ...<\/div>\t<\/div>\r\n<\/div><\/div>\n<div class=\"panel panel-default pt-cv-content-item pt-cv-1-col\" >\r\n<div class=\"panel-heading pt-cv-title\">\r\n    <a class=\"panel-title\" data-toggle=\"cvcollapse\" data-parent=\"#e6c58d2n6f\" data-target=\"#91ea1893a1\" href='https:\/\/rentacasa.cl\/rentac\/gran-local-comercial-paseo-independencia-450-uf\/' onclick='event.preventDefault()'>\r\n\t\tGran Local Comercial Paseo Independencia  450 UF\t<\/a>\r\n\t<\/div>\r\n<div id=\"91ea1893a1\" class=\"panel-collapse collapse \">\r\n\t<div class=\"panel-body\">\r\n\t\t<a href=\"https:\/\/rentacasa.cl\/rentac\/gran-local-comercial-paseo-independencia-450-uf\/\" class=\"_self pt-cv-href-thumbnail pt-cv-thumb-default\" target=\"_self\" ><img loading=\"lazy\" decoding=\"async\" width=\"150\" height=\"150\" src=\"https:\/\/rentacasa.cl\/rentac\/wp-content\/uploads\/2025\/04\/local-indep2-150x150.jpg\" class=\"pt-cv-thumbnail\" alt=\"\" \/><\/a>\n<div class=\"pt-cv-taxoterm above_title\"><a href='https:\/\/rentacasa.cl\/rentac\/category\/arriendo-comerciales\/' title='Arriendo Comerciales' class='pt-cv-tax-arriendo-comerciales'>Arriendo Comerciales<\/a><a href='https:\/\/rentacasa.cl\/rentac\/category\/arriendo-locales\/' title='Arriendo Locales' class='pt-cv-tax-arriendo-locales'>Arriendo Locales<\/a><a href='https:\/\/rentacasa.cl\/rentac\/category\/arriendo-oficina\/' title='Arriendo Oficina' class='pt-cv-tax-arriendo-oficina'>Arriendo Oficina<\/a><a href='https:\/\/rentacasa.cl\/rentac\/category\/banner\/' title='Banner' class='pt-cv-tax-banner'>Banner<\/a><a href='https:\/\/rentacasa.cl\/rentac\/category\/destacados\/' title='Destacados' class='pt-cv-tax-destacados'>Destacados<\/a><\/div>\n<div class=\"pt-cv-content\">Local Comercial Paseo Independencia 3 plantas Pleno Centro de Rancagua 500 mts2 totales 4 ba\u00f1os apto para rubro financiero y\/o ...<\/div>\t<\/div>\r\n<\/div><\/div>\n<div class=\"panel panel-default pt-cv-content-item pt-cv-1-col\" >\r\n<div class=\"panel-heading pt-cv-title\">\r\n    <a class=\"panel-title\" data-toggle=\"cvcollapse\" data-parent=\"#e6c58d2n6f\" data-target=\"#7457107xum\" href='https:\/\/rentacasa.cl\/rentac\/casa-2-pisos-central-empresas-27-uf\/' onclick='event.preventDefault()'>\r\n\t\tCasa 2 pisos, central. Empresas   27 UF\t<\/a>\r\n\t<\/div>\r\n<div id=\"7457107xum\" class=\"panel-collapse collapse \">\r\n\t<div class=\"panel-body\">\r\n\t\t<a href=\"https:\/\/rentacasa.cl\/rentac\/casa-2-pisos-central-empresas-27-uf\/\" class=\"_self pt-cv-href-thumbnail pt-cv-thumb-default\" target=\"_self\" ><img loading=\"lazy\" decoding=\"async\" width=\"150\" height=\"150\" src=\"https:\/\/rentacasa.cl\/rentac\/wp-content\/uploads\/2025\/02\/Casa-central-1-150x150.jpg\" class=\"pt-cv-thumbnail\" alt=\"\" \/><\/a>\n<div class=\"pt-cv-taxoterm above_title\"><a href='https:\/\/rentacasa.cl\/rentac\/category\/arriendo-casas\/' title='Arriendo Casas' class='pt-cv-tax-arriendo-casas'>Arriendo Casas<\/a><a href='https:\/\/rentacasa.cl\/rentac\/category\/arriendo-comerciales\/' title='Arriendo Comerciales' class='pt-cv-tax-arriendo-comerciales'>Arriendo Comerciales<\/a><a href='https:\/\/rentacasa.cl\/rentac\/category\/arriendo-oficina\/' title='Arriendo Oficina' class='pt-cv-tax-arriendo-oficina'>Arriendo Oficina<\/a><a href='https:\/\/rentacasa.cl\/rentac\/category\/banner\/' title='Banner' class='pt-cv-tax-banner'>Banner<\/a><a href='https:\/\/rentacasa.cl\/rentac\/category\/destacados\/' title='Destacados' class='pt-cv-tax-destacados'>Destacados<\/a><\/div>\n<div class=\"pt-cv-content\">Casa 2 pisos, centro de Rancagua. Para empresas -A cuadras de Plaza Los H\u00e9roes -5 Dependencias -2 Estacionamientos -2 Ba\u00f1os ...<\/div>\t<\/div>\r\n<\/div><\/div><\/div><\/div><\/div><\/div>\n","protected":false},"excerpt":{"rendered":"","protected":false},"author":1,"featured_media":0,"parent":0,"menu_order":0,"comment_status":"closed","ping_status":"closed","template":"","meta":{"footnotes":""},"class_list":["post-39","page","type-page","status-publish","hentry"],"_links":{"self":[{"href":"https:\/\/rentacasa.cl\/rentac\/wp-json\/wp\/v2\/pages\/39","targetHints":{"allow":["GET"]}}],"collection":[{"href":"https:\/\/rentacasa.cl\/rentac\/wp-json\/wp\/v2\/pages"}],"about":[{"href":"https:\/\/rentacasa.cl\/rentac\/wp-json\/wp\/v2\/types\/page"}],"author":[{"embeddable":true,"href":"https:\/\/rentacasa.cl\/rentac\/wp-json\/wp\/v2\/users\/1"}],"replies":[{"embeddable":true,"href":"https:\/\/rentacasa.cl\/rentac\/wp-json\/wp\/v2\/comments?post=39"}],"version-history":[{"count":4,"href":"https:\/\/rentacasa.cl\/rentac\/wp-json\/wp\/v2\/pages\/39\/revisions"}],"predecessor-version":[{"id":256,"href":"https:\/\/rentacasa.cl\/rentac\/wp-json\/wp\/v2\/pages\/39\/revisions\/256"}],"wp:attachment":[{"href":"https:\/\/rentacasa.cl\/rentac\/wp-json\/wp\/v2\/media?parent=39"}],"curies":[{"name":"wp","href":"https:\/\/api.w.org\/{rel}","templated":true}]}}