{"id":50,"date":"2024-11-19T20:52:22","date_gmt":"2024-11-19T19:52:22","guid":{"rendered":"https:\/\/rentacasa.cl\/rentac\/?page_id=50"},"modified":"2025-01-21T21:07:43","modified_gmt":"2025-01-21T20:07:43","slug":"v-comerciales","status":"publish","type":"page","link":"https:\/\/rentacasa.cl\/rentac\/v-comerciales\/","title":{"rendered":"Ventas Comerciales"},"content":{"rendered":"<div class=\"pt-cv-wrapper\"><div class=\"pt-cv-view pt-cv-grid pt-cv-colsys\" id=\"pt-cv-view-20c871bvbq\"><div data-id=\"pt-cv-page-1\" class=\"pt-cv-page\" data-cvc=\"2\"><div class=\"col-md-6 col-sm-12 col-xs-12 pt-cv-content-item pt-cv-1-col\" ><div class='pt-cv-ifield'><a href=\"https:\/\/rentacasa.cl\/rentac\/torre-doble-excelente-ubicacion-central\/\" class=\"_self pt-cv-href-thumbnail pt-cv-thumb-default\" target=\"_self\" ><img loading=\"lazy\" decoding=\"async\" width=\"300\" height=\"195\" src=\"https:\/\/rentacasa.cl\/rentac\/wp-content\/uploads\/2025\/06\/cuevas1-300x195.jpg\" class=\"pt-cv-thumbnail\" alt=\"\" srcset=\"https:\/\/rentacasa.cl\/rentac\/wp-content\/uploads\/2025\/06\/cuevas1-300x195.jpg 300w, https:\/\/rentacasa.cl\/rentac\/wp-content\/uploads\/2025\/06\/cuevas1.jpg 667w\" sizes=\"auto, (max-width: 300px) 100vw, 300px\" \/><\/a>\n<div class=\"pt-cv-taxoterm above_title\"><a href='https:\/\/rentacasa.cl\/rentac\/category\/arriendo-comerciales\/' title='Arriendo Comerciales' class='pt-cv-tax-arriendo-comerciales'>Arriendo Comerciales<\/a><a href='https:\/\/rentacasa.cl\/rentac\/category\/arriendo-oficina\/' title='Arriendo Oficina' class='pt-cv-tax-arriendo-oficina'>Arriendo Oficina<\/a><a href='https:\/\/rentacasa.cl\/rentac\/category\/banner\/' title='Banner' class='pt-cv-tax-banner'>Banner<\/a><a href='https:\/\/rentacasa.cl\/rentac\/category\/destacados\/' title='Destacados' class='pt-cv-tax-destacados'>Destacados<\/a><a href='https:\/\/rentacasa.cl\/rentac\/category\/inicio\/' title='INICIO' class='pt-cv-tax-inicio'>INICIO<\/a><a href='https:\/\/rentacasa.cl\/rentac\/category\/venta-comerciales\/' title='Venta Comerciales' class='pt-cv-tax-venta-comerciales'>Venta Comerciales<\/a><\/div>\n<h4 class=\"pt-cv-title\"><a href=\"https:\/\/rentacasa.cl\/rentac\/torre-doble-excelente-ubicacion-central\/\" class=\"_self\" target=\"_self\" >Torre Doble excelente ubicaci\u00f3n central<\/a><\/h4>\n<div class=\"pt-cv-content\">Disponible para Venta o Arriendo 2 torres de 6 y 5 pisos respectivamente estructura de hormig\u00f3n armado buenas terminaciones hall ...<br \/><div class=\"pt-cv-rmwrap\"><a href=\"https:\/\/rentacasa.cl\/rentac\/torre-doble-excelente-ubicacion-central\/\" class=\"_self pt-cv-readmore btn btn-success\" target=\"_self\">Leer M\u00e1s<\/a><\/div><\/div><\/div><\/div>\n<div class=\"col-md-6 col-sm-12 col-xs-12 pt-cv-content-item pt-cv-1-col\" ><div class='pt-cv-ifield'><a href=\"https:\/\/rentacasa.cl\/rentac\/casa-villa-el-sol-residencial\/\" class=\"_self pt-cv-href-thumbnail pt-cv-thumb-default\" target=\"_self\" ><img loading=\"lazy\" decoding=\"async\" width=\"300\" height=\"222\" src=\"https:\/\/rentacasa.cl\/rentac\/wp-content\/uploads\/2025\/06\/v_elsol1-300x222.jpg\" class=\"pt-cv-thumbnail\" alt=\"\" srcset=\"https:\/\/rentacasa.cl\/rentac\/wp-content\/uploads\/2025\/06\/v_elsol1-300x222.jpg 300w, https:\/\/rentacasa.cl\/rentac\/wp-content\/uploads\/2025\/06\/v_elsol1.jpg 658w\" sizes=\"auto, (max-width: 300px) 100vw, 300px\" \/><\/a>\n<div class=\"pt-cv-taxoterm above_title\"><a href='https:\/\/rentacasa.cl\/rentac\/category\/banner\/' title='Banner' class='pt-cv-tax-banner'>Banner<\/a><a href='https:\/\/rentacasa.cl\/rentac\/category\/destacados\/' title='Destacados' class='pt-cv-tax-destacados'>Destacados<\/a><a href='https:\/\/rentacasa.cl\/rentac\/category\/inicio\/' title='INICIO' class='pt-cv-tax-inicio'>INICIO<\/a><a href='https:\/\/rentacasa.cl\/rentac\/category\/venta-casa-departamento\/' title='Venta Casa Departamento' class='pt-cv-tax-venta-casa-departamento'>Venta Casa Departamento<\/a><a href='https:\/\/rentacasa.cl\/rentac\/category\/venta-comerciales\/' title='Venta Comerciales' class='pt-cv-tax-venta-comerciales'>Venta Comerciales<\/a><\/div>\n<h4 class=\"pt-cv-title\"><a href=\"https:\/\/rentacasa.cl\/rentac\/casa-villa-el-sol-residencial\/\" class=\"_self\" target=\"_self\" >Casa Villa El Sol &#8211; Residencial<\/a><\/h4>\n<div class=\"pt-cv-content\">Casa Villa El Sol\u00a0 $115.000.000 Apta para residenciales u hostal 120 mt2 totales 8 dormitorios 2 ba\u00f1os 2 cocinas patio ...<br \/><div class=\"pt-cv-rmwrap\"><a href=\"https:\/\/rentacasa.cl\/rentac\/casa-villa-el-sol-residencial\/\" class=\"_self pt-cv-readmore btn btn-success\" target=\"_self\">Leer M\u00e1s<\/a><\/div><\/div><\/div><\/div>\n<div class=\"col-md-6 col-sm-12 col-xs-12 pt-cv-content-item pt-cv-1-col\" ><div class='pt-cv-ifield'><a href=\"https:\/\/rentacasa.cl\/rentac\/local-comercial-en-avenida-sector-oriente-55-000-000\/\" class=\"_self pt-cv-href-thumbnail pt-cv-thumb-default\" target=\"_self\" ><img loading=\"lazy\" decoding=\"async\" width=\"300\" height=\"227\" src=\"https:\/\/rentacasa.cl\/rentac\/wp-content\/uploads\/2025\/02\/local-oriente1-300x227.jpg\" class=\"pt-cv-thumbnail\" alt=\"\" srcset=\"https:\/\/rentacasa.cl\/rentac\/wp-content\/uploads\/2025\/02\/local-oriente1-300x227.jpg 300w, https:\/\/rentacasa.cl\/rentac\/wp-content\/uploads\/2025\/02\/local-oriente1.jpg 659w\" sizes=\"auto, (max-width: 300px) 100vw, 300px\" \/><\/a>\n<div class=\"pt-cv-taxoterm above_title\"><a href='https:\/\/rentacasa.cl\/rentac\/category\/banner\/' title='Banner' class='pt-cv-tax-banner'>Banner<\/a><a href='https:\/\/rentacasa.cl\/rentac\/category\/destacados\/' title='Destacados' class='pt-cv-tax-destacados'>Destacados<\/a><a href='https:\/\/rentacasa.cl\/rentac\/category\/venta-comerciales\/' title='Venta Comerciales' class='pt-cv-tax-venta-comerciales'>Venta Comerciales<\/a><\/div>\n<h4 class=\"pt-cv-title\"><a href=\"https:\/\/rentacasa.cl\/rentac\/local-comercial-en-avenida-sector-oriente-55-000-000\/\" class=\"_self\" target=\"_self\" >Local Comercial en Avenida Sector Oriente  $55.000.000<\/a><\/h4>\n<div class=\"pt-cv-content\">Local Comercial cerca de Avenida San Juan 55 mt2 total 2 plantas 28m2 cada una Construcci\u00f3n s\u00f3lida 1 Ba\u00f1o Ubicaci\u00f3n ...<br \/><div class=\"pt-cv-rmwrap\"><a href=\"https:\/\/rentacasa.cl\/rentac\/local-comercial-en-avenida-sector-oriente-55-000-000\/\" class=\"_self pt-cv-readmore btn btn-success\" target=\"_self\">Leer M\u00e1s<\/a><\/div><\/div><\/div><\/div>\n<div class=\"col-md-6 col-sm-12 col-xs-12 pt-cv-content-item pt-cv-1-col\" ><div class='pt-cv-ifield'><a href=\"https:\/\/rentacasa.cl\/rentac\/oficina-centro-de-rancagua-80-000-000\/\" class=\"_self pt-cv-href-thumbnail pt-cv-thumb-default\" target=\"_self\" ><img loading=\"lazy\" decoding=\"async\" width=\"300\" height=\"222\" src=\"https:\/\/rentacasa.cl\/rentac\/wp-content\/uploads\/2025\/02\/Edificio-B1-300x222.jpg\" class=\"pt-cv-thumbnail\" alt=\"\" srcset=\"https:\/\/rentacasa.cl\/rentac\/wp-content\/uploads\/2025\/02\/Edificio-B1-300x222.jpg 300w, https:\/\/rentacasa.cl\/rentac\/wp-content\/uploads\/2025\/02\/Edificio-B1.jpg 670w\" sizes=\"auto, (max-width: 300px) 100vw, 300px\" \/><\/a>\n<div class=\"pt-cv-taxoterm above_title\"><a href='https:\/\/rentacasa.cl\/rentac\/category\/banner\/' title='Banner' class='pt-cv-tax-banner'>Banner<\/a><a href='https:\/\/rentacasa.cl\/rentac\/category\/destacados\/' title='Destacados' class='pt-cv-tax-destacados'>Destacados<\/a><a href='https:\/\/rentacasa.cl\/rentac\/category\/venta-comerciales\/' title='Venta Comerciales' class='pt-cv-tax-venta-comerciales'>Venta Comerciales<\/a><\/div>\n<h4 class=\"pt-cv-title\"><a href=\"https:\/\/rentacasa.cl\/rentac\/oficina-centro-de-rancagua-80-000-000\/\" class=\"_self\" target=\"_self\" >Oficina Centro de Rancagua  $80.000.000<\/a><\/h4>\n<div class=\"pt-cv-content\">Oficina en pleno centro de Rancagua, edificio de buen nivel. -36 mt2 -1 ba\u00f1o privado -Hall de entrada -Sexto piso ...<br \/><div class=\"pt-cv-rmwrap\"><a href=\"https:\/\/rentacasa.cl\/rentac\/oficina-centro-de-rancagua-80-000-000\/\" class=\"_self pt-cv-readmore btn btn-success\" target=\"_self\">Leer M\u00e1s<\/a><\/div><\/div><\/div><\/div><\/div><\/div><\/div>\n","protected":false},"excerpt":{"rendered":"","protected":false},"author":1,"featured_media":0,"parent":0,"menu_order":0,"comment_status":"closed","ping_status":"closed","template":"","meta":{"footnotes":""},"class_list":["post-50","page","type-page","status-publish","hentry"],"_links":{"self":[{"href":"https:\/\/rentacasa.cl\/rentac\/wp-json\/wp\/v2\/pages\/50","targetHints":{"allow":["GET"]}}],"collection":[{"href":"https:\/\/rentacasa.cl\/rentac\/wp-json\/wp\/v2\/pages"}],"about":[{"href":"https:\/\/rentacasa.cl\/rentac\/wp-json\/wp\/v2\/types\/page"}],"author":[{"embeddable":true,"href":"https:\/\/rentacasa.cl\/rentac\/wp-json\/wp\/v2\/users\/1"}],"replies":[{"embeddable":true,"href":"https:\/\/rentacasa.cl\/rentac\/wp-json\/wp\/v2\/comments?post=50"}],"version-history":[{"count":3,"href":"https:\/\/rentacasa.cl\/rentac\/wp-json\/wp\/v2\/pages\/50\/revisions"}],"predecessor-version":[{"id":274,"href":"https:\/\/rentacasa.cl\/rentac\/wp-json\/wp\/v2\/pages\/50\/revisions\/274"}],"wp:attachment":[{"href":"https:\/\/rentacasa.cl\/rentac\/wp-json\/wp\/v2\/media?parent=50"}],"curies":[{"name":"wp","href":"https:\/\/api.w.org\/{rel}","templated":true}]}}